{"id":81,"date":"2024-06-30T15:00:10","date_gmt":"2024-06-30T13:00:10","guid":{"rendered":"https:\/\/www.improaccademia.it\/?page_id=81"},"modified":"2025-09-10T18:13:03","modified_gmt":"2025-09-10T16:13:03","slug":"laboratorio-permanente","status":"publish","type":"page","link":"https:\/\/www.improaccademia.it\/index.php\/laboratorio-permanente\/","title":{"rendered":"LABORATORIO PERMANENTE"},"content":{"rendered":"<p>[et_pb_section fb_built=&#8221;1&#8243; _builder_version=&#8221;4.25.2&#8243; _module_preset=&#8221;default&#8221; background_color=&#8221;#0C71C3&#8243; custom_padding=&#8221;0px||0px||true|&#8221; global_colors_info=&#8221;{}&#8221;][et_pb_row _builder_version=&#8221;4.25.2&#8243; _module_preset=&#8221;default&#8221; custom_padding=&#8221;36px||36px||true|&#8221; global_colors_info=&#8221;{}&#8221;][et_pb_column type=&#8221;4_4&#8243; _builder_version=&#8221;4.25.2&#8243; _module_preset=&#8221;default&#8221; global_colors_info=&#8221;{}&#8221;][et_pb_text _builder_version=&#8221;4.27.0&#8243; _module_preset=&#8221;default&#8221; header_font_size=&#8221;38px&#8221; header_letter_spacing=&#8221;3px&#8221; header_text_shadow_style=&#8221;preset1&#8243; global_colors_info=&#8221;{}&#8221;]<\/p>\n<h1 style=\"text-align: center;\"><span style=\"color: #ffffff;\">LABORATORIO PERMANENTE<\/span><\/h1>\n<h1 style=\"text-align: center;\"><span style=\"color: #ffffff;\">2025-26<\/span><\/h1>\n<p><span style=\"color: #ffffff;\"><\/span><\/p>\n<p>[\/et_pb_text][\/et_pb_column][\/et_pb_row][\/et_pb_section][et_pb_section fb_built=&#8221;1&#8243; _builder_version=&#8221;4.27.0&#8243; _module_preset=&#8221;default&#8221; background_color=&#8221;#FFFFFF&#8221; custom_padding=&#8221;23px||23px||true|&#8221; global_colors_info=&#8221;{}&#8221;][et_pb_row _builder_version=&#8221;4.27.4&#8243; _module_preset=&#8221;default&#8221; width_tablet=&#8221;90%&#8221; width_phone=&#8221;90%&#8221; width_last_edited=&#8221;on|phone&#8221; custom_margin=&#8221;14px|auto||auto||&#8221; global_colors_info=&#8221;{}&#8221;][et_pb_column type=&#8221;4_4&#8243; _builder_version=&#8221;4.26.0&#8243; _module_preset=&#8221;default&#8221; global_colors_info=&#8221;{}&#8221;][et_pb_text _builder_version=&#8221;4.27.0&#8243; _module_preset=&#8221;default&#8221; global_colors_info=&#8221;{}&#8221;]<\/p>\n<p>LABORATORIO PERMANENTE \u00e8 una proposta per tutti gli improvvisatori con almeno tre anni di esperienza alle spalle. Uno spazio in cui ogni anno si proporranno percorsi differenti per approfondire tematiche specifiche.\u00a0<\/p>\n<p>[\/et_pb_text][et_pb_text _builder_version=&#8221;4.27.4&#8243; _module_preset=&#8221;default&#8221; custom_margin=&#8221;||-2px|||&#8221; link_option_url=&#8221;#DAMATO&#8221; locked=&#8221;off&#8221; global_colors_info=&#8221;{}&#8221;]<\/p>\n<p><strong>Corso con Lorenzo D\u2019Amato: <\/strong>si lavorer\u00e0 sulla long-form, lavorando su un format con l\u2019obbiettivo di portare uno spettacolo a fine anno. <strong><span style=\"color: #e02b20;\">(SOLD-OUT)<\/span><\/strong><\/p>\n<p><strong><\/strong><\/p>\n<p>[\/et_pb_text][et_pb_text _builder_version=&#8221;4.27.4&#8243; _module_preset=&#8221;default&#8221; custom_margin=&#8221;||13px|||&#8221; custom_padding=&#8221;||0px|||&#8221; link_option_url=&#8221;#LOCATELLI&#8221; locked=&#8221;off&#8221; global_colors_info=&#8221;{}&#8221;]<\/p>\n<p><strong>Corso con Giulio Locatelli:<\/strong> un percorso che vedr\u00e0 lavorare il gruppo su tre format diversi per tre spettacoli di improvvisazione.<strong><br \/><\/strong><\/p>\n<p>[\/et_pb_text][et_pb_text _builder_version=&#8221;4.27.4&#8243; _module_preset=&#8221;default&#8221; link_option_url=&#8221;#COMICITA&#8221; locked=&#8221;off&#8221; global_colors_info=&#8221;{}&#8221;]<\/p>\n<p><strong>Corso sulla comicit\u00e0 improvvisativa: <\/strong>game, battute e come usarli, di e con Oreste Camiletti e Antonio Barone.<\/p>\n<p>[\/et_pb_text][\/et_pb_column][\/et_pb_row][\/et_pb_section][et_pb_section fb_built=&#8221;1&#8243; module_id=&#8221;DAMATO&#8221; _builder_version=&#8221;4.27.4&#8243; _module_preset=&#8221;default&#8221; background_color=&#8221;#ededed&#8221; custom_padding=&#8221;13px|0px|13px||true|&#8221; locked=&#8221;off&#8221; global_colors_info=&#8221;{}&#8221;][et_pb_row _builder_version=&#8221;4.26.0&#8243; _module_preset=&#8221;default&#8221; global_colors_info=&#8221;{}&#8221;][et_pb_column type=&#8221;4_4&#8243; _builder_version=&#8221;4.26.0&#8243; _module_preset=&#8221;default&#8221; global_colors_info=&#8221;{}&#8221;][et_pb_text _builder_version=&#8221;4.26.0&#8243; _module_preset=&#8221;default&#8221; global_colors_info=&#8221;{}&#8221;]<\/p>\n<p><span style=\"font-size: large;\"><strong>LORENZO D&#8217;AMATO &#8211; Long Form (Approcci e Linguaggi; Format)<\/strong><\/span><\/p>\n<p>QUANDO: il marted\u00ec dalle ore 21 <span>presso le sale Abit@ in via IV Novembre 14, San Zeno (BS)\u00a0<\/span><\/p>\n<p><span style=\"color: #000000;\">MAX 14 PARTECIPANTI <strong><span style=\"color: #e02b20;\">(SOLD OUT)<\/span><\/strong><\/span><\/p>\n<p><span>Il corso prevede 32 lezioni da 2 ore, con inizio marted\u00ec 30 settembre 2025 e fine marted\u00ec 19 maggio 2026.<\/span><span style=\"color: #000000;\"><\/span><\/p>\n<p><b><\/b><\/p>\n<p>[\/et_pb_text][et_pb_text _builder_version=&#8221;4.27.4&#8243; _module_preset=&#8221;default&#8221; global_colors_info=&#8221;{}&#8221;]<\/p>\n<p><strong>SINOSSI CORSO:<\/strong><\/p>\n<p>L&#8217;improvvisazione \u00e8 come un lungo corridoio pieno di porte. Fintanto che non ti stancherai di aprire porte nuove, non smetterai mai di scoprire cose nuove e continuare a imparare.<br \/>Se hai maturato questa consapevolezza \u00e8 perch\u00e9 ti sei reso conto di aver scalfito solo la superficie.<br \/>Nel corso dell&#8217;anno passato hai visto come si struttura una storia ma hai scoperto anche quanto sia fottutamente difficile improvvisarne una dall&#8217;inizio alla fine se non condividi gli stessi codici con i tuoi compagni di scena. Quest&#8217;anno introdurremo nuovi linguaggi (il Soundpainting), nuovi approcci teorici (7 Basic Plots) e arricchiremo sempre pi\u00f9 il nostro bagaglio di improvvisatori.<br \/>All&#8217;inizio del percorso verranno proposti diversi format per lo spettacolo di fine anno, tra i quali gli allievi potranno scegliere il proprio preferito.<\/p>\n<p>Programma di lavoro:<br \/>&#8211; Esercizi togli-ruggine<br \/>&#8211; Il Soundpainting<br \/>&#8211; 7 trame fondamentali<br \/>&#8211; Le \u201ccattive abitudini\u201d<br \/>&#8211; Sensei e samurai<br \/>&#8211; Pirati, robot e ninja<br \/>&#8211; Studio dei meccanismi comici<br \/>&#8211; Format: Giallo e Meta-teatro\u00a0<\/p>\n<p>[\/et_pb_text][\/et_pb_column][\/et_pb_row][et_pb_row column_structure=&#8221;1_4,3_4&#8243; _builder_version=&#8221;4.27.4&#8243; _module_preset=&#8221;default&#8221; width=&#8221;90%&#8221; width_tablet=&#8221;90%&#8221; width_phone=&#8221;90%&#8221; width_last_edited=&#8221;on|phone&#8221; custom_padding=&#8221;||5px|||&#8221; locked=&#8221;off&#8221; global_colors_info=&#8221;{}&#8221;][et_pb_column type=&#8221;1_4&#8243; _builder_version=&#8221;4.26.0&#8243; _module_preset=&#8221;default&#8221; global_colors_info=&#8221;{}&#8221;][et_pb_image src=&#8221;https:\/\/www.improaccademia.it\/wp-content\/uploads\/2025\/08\/LOLLO.jpg&#8221; title_text=&#8221;LOLLO&#8221; align=&#8221;center&#8221; _builder_version=&#8221;4.27.4&#8243; _module_preset=&#8221;default&#8221; module_alignment=&#8221;left&#8221; max_height=&#8221;300px&#8221; custom_margin=&#8221;||-6px|||&#8221; global_colors_info=&#8221;{}&#8221;][\/et_pb_image][\/et_pb_column][et_pb_column type=&#8221;3_4&#8243; _builder_version=&#8221;4.26.0&#8243; _module_preset=&#8221;default&#8221; global_colors_info=&#8221;{}&#8221;][et_pb_text _builder_version=&#8221;4.27.4&#8243; _module_preset=&#8221;default&#8221; custom_margin=&#8221;-35px|||||&#8221; custom_padding=&#8221;15px|||||&#8221; global_colors_info=&#8221;{}&#8221;]<\/p>\n<p><strong>CV<\/strong><br \/>Lorenzo D&#8217;Amato si \u00e8 formato con alcuni tra i pi\u00f9 noti docenti internazionali di improvvisazione: Antonio Vulpio, Dave Pasquesi, Patti Stiles, Joe Bill, David Razowsky, Jason Shotts, Randy Dixon, Jacob Banigan, Omar Galv\u00e0n,Sean McCann, Carles Castillo, Lorenz Kabas, Javier Pastor, Tom Salinksy.<br \/>Ha studiato recitazione, regia e drammaturgia con nomi importanti del teatro italiano: Giuliana Musso, Bruno Stori, Fabio Mangolini, Matteo Belli, Stefano De Luca, Francesco Brandi, Emanuele Aldrovandi, Sandro Mabellini.<br \/>Dal 2005 ad oggi \u00e8 andato in scena con vari spettacoli di prosa e improvvisazione in cinque diversi paesi: Belgio, Francia, Italia, Qu\u00e9bec e Svizzera.<br \/>Dal 2008 ad oggi ha condotto diverse classi di prosa e improvvisazione per associazioni culturali e scuole di ogni ordine e grado, a Bologna, Brescia, Faenza e San Giovanni Lupatoto (Verona).<br \/>Dal 2015 ha fondato e diretto alcune realt\u00e0 teatrali a Bologna, tra cui le pi\u00f9 note sono Teatro Tao e Teatri D&#8217;Istanti.<\/p>\n<p>[\/et_pb_text][\/et_pb_column][\/et_pb_row][et_pb_row _builder_version=&#8221;4.27.4&#8243; _module_preset=&#8221;default&#8221; width=&#8221;90%&#8221; width_tablet=&#8221;90%&#8221; width_phone=&#8221;90%&#8221; width_last_edited=&#8221;on|phone&#8221; global_colors_info=&#8221;{}&#8221;][et_pb_column type=&#8221;4_4&#8243; _builder_version=&#8221;4.26.0&#8243; _module_preset=&#8221;default&#8221; global_colors_info=&#8221;{}&#8221;][et_pb_text _builder_version=&#8221;4.26.0&#8243; _module_preset=&#8221;default&#8221; min_height=&#8221;205.8px&#8221; global_colors_info=&#8221;{}&#8221;]<\/p>\n<p><span style=\"color: #a0a0a0;\"><strong>Iscrizioni entro il 1\u00b0 settembre 2025 RISERVATE a chi ha gi\u00e0 frequentato un anno di corso in Abit:<\/strong><\/span><br \/><span style=\"color: #a0a0a0;\">Costo annuale in unica soluzione: 560 \u20ac (iscrizione annuale di 15 \u20ac in omaggio)<\/span><br \/><span style=\"color: #a0a0a0;\">Costo annuale in due rate: 280 + 280 \u20ac (saldo 2\u00b0 rata entro il 31 gennaio)<\/span><\/p>\n<p><strong>Iscrizioni dopo il 1\u00b0 settembre 2025 aperte a interni ed esterni:<\/strong><br \/>Costo annuale in unica soluzione:\u00a0 600 \u20ac (saldo prima dell\u2019inizio del corso)<br \/>Costo annuale in due rate: 300 + 300 \u20ac (acconto prima dell\u2019inizio del corso + saldo entro il 31 gennaio)<\/p>\n<p><span>Costo fisso annuale: 15 \u20ac per tessera associativa Abit (comprensiva di assicurazione).<\/span><\/p>\n<p><b><\/b><\/p>\n<p>[\/et_pb_text][et_pb_button button_url=&#8221;https:\/\/forms.gle\/r6Mh59QpZVQg6gYcA&#8221; url_new_window=&#8221;on&#8221; button_text=&#8221;ISCRIVITI QUI&#8221; button_alignment=&#8221;left&#8221; button_alignment_tablet=&#8221;left&#8221; button_alignment_phone=&#8221;center&#8221; button_alignment_last_edited=&#8221;on|phone&#8221; _builder_version=&#8221;4.27.4&#8243; _module_preset=&#8221;default&#8221; custom_button=&#8221;on&#8221; button_text_size=&#8221;23px&#8221; button_bg_use_color_gradient=&#8221;on&#8221; button_bg_color_gradient_type=&#8221;circular&#8221; button_bg_color_gradient_direction_radial=&#8221;left&#8221; button_bg_color_gradient_stops=&#8221;#2b87da 42%|#c4c4c4 99%&#8221; button_border_width=&#8221;0px&#8221; button_border_radius=&#8221;38px&#8221; button_letter_spacing=&#8221;0px&#8221; button_icon=&#8221;&#x45;||divi||400&#8243; background_layout=&#8221;dark&#8221; custom_margin=&#8221;8px||8px||true|false&#8221; custom_padding=&#8221;5px||5px||false|false&#8221; locked=&#8221;off&#8221; global_colors_info=&#8221;{}&#8221;][\/et_pb_button][\/et_pb_column][\/et_pb_row][\/et_pb_section][et_pb_section fb_built=&#8221;1&#8243; module_id=&#8221;LOCATELLI&#8221; _builder_version=&#8221;4.27.4&#8243; _module_preset=&#8221;default&#8221; background_color=&#8221;#FFFFFF&#8221; custom_padding=&#8221;13px|0px|13px||true|&#8221; locked=&#8221;off&#8221; global_colors_info=&#8221;{}&#8221;][et_pb_row _builder_version=&#8221;4.27.4&#8243; _module_preset=&#8221;default&#8221; width=&#8221;90%&#8221; width_tablet=&#8221;90%&#8221; width_phone=&#8221;90%&#8221; width_last_edited=&#8221;on|phone&#8221; custom_padding=&#8221;||3px|||&#8221; global_colors_info=&#8221;{}&#8221;][et_pb_column type=&#8221;4_4&#8243; _builder_version=&#8221;4.26.0&#8243; _module_preset=&#8221;default&#8221; global_colors_info=&#8221;{}&#8221;][et_pb_text _builder_version=&#8221;4.26.0&#8243; _module_preset=&#8221;default&#8221; global_colors_info=&#8221;{}&#8221;]<\/p>\n<p><span style=\"font-size: large;\"><strong>GIULIO LOCATELLI &#8211; FORMAT<\/strong><\/span><\/p>\n<p>QUANDO: il luned\u00ec dalle ore 21 <span>presso le sale Abit@ in via IV Novembre 14, San Zeno (BS)\u00a0<\/span><\/p>\n<p><span style=\"color: #000000; font-size: 16px;\">MAX 14 PARTECIPANTI<\/span><b><\/b><\/p>\n<p><span>Il corso prevede 32 lezioni da 2 ore, con inizio luned\u00ec 29 settembre 2025 e fine marted\u00ec 1 giugno 2026.<\/span><span style=\"color: #000000;\"><\/span><\/p>\n<p><strong>SINOSSI CORSO<\/strong><br \/>Il percorso \u00e8 pensato per portare alla realizzazione di tre spettacoli di long-form.<br \/>I primissimi incontri sono finalizzati alla reciproca conoscenza: l\u2019insegnante delle caratteristiche e predisposizioni degli improvvisatori; gli improvvisatori di taglio e modalit\u00e0 di gestione delle lezioni da parte dell\u2019insegnante.<br \/>Gli incontri successivi si focalizzano sulla preparazione di uno spettacolo alla volta, la cui gestazione preventivata \u00e8 di circa 10 lezioni (a seconda del tipo e complessit\u00e0 di spettacolo il numero di lezioni pu\u00f2 variare), che punta quanto pi\u00f9 possibile a valorizzare idee e suggestioni che vengano direttamente dagli improvvisatori.<br \/>Il percorso ha tre finalit\u00e0 base:<\/p>\n<p>&#8211; La produzione di tre spettacoli d\u2019improvvisazione.<br \/>&#8211; Allenamento e studio di quattro aspetti fondamentali: storia, personaggio, relazioni e regia.<br \/>&#8211; Strumenti per l\u2019approccio alla realizzazione di un format.<\/p>\n<p><b><\/b><\/p>\n<p>[\/et_pb_text][\/et_pb_column][\/et_pb_row][et_pb_row column_structure=&#8221;1_4,3_4&#8243; _builder_version=&#8221;4.27.4&#8243; _module_preset=&#8221;default&#8221; width_tablet=&#8221;90%&#8221; width_phone=&#8221;90%&#8221; width_last_edited=&#8221;on|phone&#8221; custom_padding=&#8221;26px|||||&#8221; global_colors_info=&#8221;{}&#8221;][et_pb_column type=&#8221;1_4&#8243; _builder_version=&#8221;4.26.0&#8243; _module_preset=&#8221;default&#8221; global_colors_info=&#8221;{}&#8221;][et_pb_image src=&#8221;https:\/\/www.improaccademia.it\/wp-content\/uploads\/2025\/08\/LOCATELLI.jpg&#8221; title_text=&#8221;LOCATELLI&#8221; align=&#8221;center&#8221; _builder_version=&#8221;4.27.4&#8243; _module_preset=&#8221;default&#8221; module_alignment=&#8221;left&#8221; max_height=&#8221;300px&#8221; custom_margin=&#8221;||-6px|||&#8221; global_colors_info=&#8221;{}&#8221;][\/et_pb_image][\/et_pb_column][et_pb_column type=&#8221;3_4&#8243; _builder_version=&#8221;4.26.0&#8243; _module_preset=&#8221;default&#8221; global_colors_info=&#8221;{}&#8221;][et_pb_text _builder_version=&#8221;4.26.0&#8243; _module_preset=&#8221;default&#8221; custom_margin=&#8221;3px|||||&#8221; global_colors_info=&#8221;{}&#8221;]<\/p>\n<p><strong>CV<\/strong><br \/>Giulio Locatelli inizia il proprio percorso nel 2005 presso Teatrib\u00f9, ha successivamente collaborato con il Centro Universitario Teatrale di Bergamo e con l\u2019Associazione teatrale Studio Novecento di Milano.<br \/>Insegna improvvisazione teatrale nella Scuola di Improvincia (di cui \u00e8 co-fondatore) dal 2011.<br \/>\u00c8 anche molto bello.<\/p>\n<p><b><\/b><\/p>\n<p>[\/et_pb_text][\/et_pb_column][\/et_pb_row][et_pb_row _builder_version=&#8221;4.27.4&#8243; _module_preset=&#8221;default&#8221; width=&#8221;90%&#8221; width_tablet=&#8221;90%&#8221; width_phone=&#8221;90%&#8221; width_last_edited=&#8221;on|phone&#8221; global_colors_info=&#8221;{}&#8221;][et_pb_column type=&#8221;4_4&#8243; _builder_version=&#8221;4.26.0&#8243; _module_preset=&#8221;default&#8221; global_colors_info=&#8221;{}&#8221;][et_pb_text _builder_version=&#8221;4.26.0&#8243; _module_preset=&#8221;default&#8221; global_colors_info=&#8221;{}&#8221;]<\/p>\n<p><span style=\"color: #a0a0a0;\"><strong>Iscrizioni entro il 1\u00b0 settembre 2025 RISERVATE a chi ha gi\u00e0 frequentato un anno di corso in Abit:<\/strong><\/span><br \/><span style=\"color: #a0a0a0;\">Costo annuale in unica soluzione: 560 \u20ac (iscrizione annuale di 15 \u20ac in omaggio)<\/span><br \/><span style=\"color: #a0a0a0;\">Costo annuale in due rate: 280 + 280 \u20ac (saldo 2\u00b0 rata entro il 31 gennaio)<\/span><\/p>\n<p><strong>Iscrizioni dopo il 1\u00b0 settembre 2025 aperte a interni ed esterni:<\/strong><br \/>Costo annuale in unica soluzione:\u00a0 600 \u20ac (saldo prima dell\u2019inizio del corso)<br \/>Costo annuale in due rate: 300 + 300 \u20ac (acconto prima dell\u2019inizio del corso + saldo entro il 31 gennaio)<\/p>\n<p><span>Costo fisso annuale: 15 \u20ac per tessera associativa Abit (comprensiva di assicurazione).<\/span><\/p>\n<p><b><\/b><\/p>\n<p>[\/et_pb_text][et_pb_button button_url=&#8221;https:\/\/forms.gle\/r6Mh59QpZVQg6gYcA&#8221; url_new_window=&#8221;on&#8221; button_text=&#8221;ISCRIVITI QUI&#8221; button_alignment=&#8221;left&#8221; button_alignment_tablet=&#8221;left&#8221; button_alignment_phone=&#8221;center&#8221; button_alignment_last_edited=&#8221;on|phone&#8221; _builder_version=&#8221;4.27.4&#8243; _module_preset=&#8221;default&#8221; custom_button=&#8221;on&#8221; button_text_size=&#8221;23px&#8221; button_bg_use_color_gradient=&#8221;on&#8221; button_bg_color_gradient_type=&#8221;circular&#8221; button_bg_color_gradient_direction_radial=&#8221;left&#8221; button_bg_color_gradient_stops=&#8221;#2b87da 42%|#c4c4c4 99%&#8221; button_border_width=&#8221;0px&#8221; button_border_radius=&#8221;38px&#8221; button_letter_spacing=&#8221;0px&#8221; button_icon=&#8221;&#x45;||divi||400&#8243; background_layout=&#8221;dark&#8221; custom_margin=&#8221;8px||8px||true|false&#8221; custom_padding=&#8221;5px||5px||false|false&#8221; locked=&#8221;off&#8221; global_colors_info=&#8221;{}&#8221;][\/et_pb_button][\/et_pb_column][\/et_pb_row][\/et_pb_section][et_pb_section fb_built=&#8221;1&#8243; module_id=&#8221;COMICITA&#8221; _builder_version=&#8221;4.27.4&#8243; _module_preset=&#8221;default&#8221; background_color=&#8221;#ededed&#8221; custom_padding=&#8221;13px|0px|13px||true|&#8221; global_colors_info=&#8221;{}&#8221;][et_pb_row _builder_version=&#8221;4.27.4&#8243; _module_preset=&#8221;default&#8221; width=&#8221;90%&#8221; width_tablet=&#8221;90%&#8221; width_phone=&#8221;90%&#8221; width_last_edited=&#8221;on|phone&#8221; global_colors_info=&#8221;{}&#8221;][et_pb_column type=&#8221;4_4&#8243; _builder_version=&#8221;4.27.4&#8243; _module_preset=&#8221;default&#8221; global_colors_info=&#8221;{}&#8221;][et_pb_text _builder_version=&#8221;4.27.4&#8243; _module_preset=&#8221;default&#8221; custom_padding=&#8221;||0px|||&#8221; global_colors_info=&#8221;{}&#8221;]<\/p>\n<p><span style=\"font-size: large;\"><strong>COMICITA&#8217; IMPROVVISATIVA<\/strong><\/span><\/p>\n<p>QUANDO: il mercoled\u00ec dalle ore 21 <span>presso le sale Abit@ in via IV Novembre 14, San Zeno (BS)\u00a0<\/span><\/p>\n<p><span style=\"font-size: 16px;\">Il corso prevede 32 lezioni da 2 ore, con inizio mercoled\u00ec 1 ottobre 2025 e fine mercoled\u00ec 20 maggio 2026.<\/span><\/p>\n<p><strong>SINOSSI CORSO<\/strong><span style=\"font-size: 16px;\"><\/span><\/p>\n<p><span style=\"font-size: 16px;\">Tutti , anche se magari non lo confessiamo, amiamo i games, veloci, divertenti da vedere e da giocare. Ma quanto davvero li conosciamo? Quanto ne sappiamo di come funzionano? Attraverso l\u2019analisi di molti dei pi\u00f9 \u2018famosi\u2019, ne analizzeremo i meccanismi, scopriremo cosa li fa funzionare e come giocarli al meglio e nel modo pi\u00f9 divertente per noi e per il pubblico, mettendone in evidenza le caratteristiche comuni e le peculiarit\u00e0. E proveremo a crearne anche di nuovi! Tutto sempre con un occhio di riguardo al loro lato \u201ccomico\u201d, con una panoramica sui vari tipi di comicit\u00e0 e situazioni comiche, e come e dove poter utilizzarle nei vari tipi di gioco.<\/span><\/p>\n<p>[\/et_pb_text][\/et_pb_column][\/et_pb_row][et_pb_row column_structure=&#8221;1_4,3_4&#8243; _builder_version=&#8221;4.27.4&#8243; _module_preset=&#8221;default&#8221; width=&#8221;90%&#8221; width_tablet=&#8221;90%&#8221; width_phone=&#8221;90%&#8221; width_last_edited=&#8221;on|phone&#8221; global_colors_info=&#8221;{}&#8221;][et_pb_column type=&#8221;1_4&#8243; _builder_version=&#8221;4.27.4&#8243; _module_preset=&#8221;default&#8221; global_colors_info=&#8221;{}&#8221;][et_pb_image src=&#8221;https:\/\/www.improaccademia.it\/wp-content\/uploads\/2025\/08\/ORESTE.jpg&#8221; title_text=&#8221;ORESTE&#8221; _builder_version=&#8221;4.27.4&#8243; _module_preset=&#8221;default&#8221; max_height=&#8221;300px&#8221; global_colors_info=&#8221;{}&#8221;][\/et_pb_image][\/et_pb_column][et_pb_column type=&#8221;3_4&#8243; _builder_version=&#8221;4.27.4&#8243; _module_preset=&#8221;default&#8221; global_colors_info=&#8221;{}&#8221;][et_pb_text _builder_version=&#8221;4.27.4&#8243; _module_preset=&#8221;default&#8221; custom_padding=&#8221;||48px|||&#8221; global_colors_info=&#8221;{}&#8221;]<\/p>\n<p><strong>CV<\/strong><br \/>Oreste Camiletti inizia ad improvvisare nel 2010, e dal 2017 tiene corsi di improvvisazione. Nel 2014 \u00e8 membro fondatore di ABIT, prima con la compagnia che da pi\u00f9 di 10 anni porta in scena \u201cla Carogna\u201d, l\u2019unico spettacolo di improvvisazione teatrale che se non ridi ti rimborsa il biglietto (e non c\u2019\u00e8 mai stato un rimborso).<\/p>\n<p>[\/et_pb_text][\/et_pb_column][\/et_pb_row][et_pb_row column_structure=&#8221;1_4,3_4&#8243; _builder_version=&#8221;4.27.4&#8243; _module_preset=&#8221;default&#8221; width=&#8221;90%&#8221; width_tablet=&#8221;90%&#8221; width_phone=&#8221;90%&#8221; width_last_edited=&#8221;on|phone&#8221; global_colors_info=&#8221;{}&#8221;][et_pb_column type=&#8221;1_4&#8243; _builder_version=&#8221;4.27.4&#8243; _module_preset=&#8221;default&#8221; global_colors_info=&#8221;{}&#8221;][et_pb_image src=&#8221;https:\/\/www.improaccademia.it\/wp-content\/uploads\/2025\/08\/ANTONIO.jpg&#8221; title_text=&#8221;ANTONIO&#8221; _builder_version=&#8221;4.27.4&#8243; _module_preset=&#8221;default&#8221; max_height=&#8221;300px&#8221; global_colors_info=&#8221;{}&#8221;][\/et_pb_image][\/et_pb_column][et_pb_column type=&#8221;3_4&#8243; _builder_version=&#8221;4.27.4&#8243; _module_preset=&#8221;default&#8221; global_colors_info=&#8221;{}&#8221;][et_pb_text _builder_version=&#8221;4.27.4&#8243; _module_preset=&#8221;default&#8221; custom_padding=&#8221;||48px|||&#8221; global_colors_info=&#8221;{}&#8221;]<\/p>\n<p><strong>CV<\/strong><\/p>\n<div><span data-canva-clipboard=\"ewAiAGEAIgA6ADUALAAiAGgAIgA6ACIAdwB3AHcALgBjAGEAbgB2AGEALgBjAG8AbQAiACwAIgBjACIAOgAiAEQAQQBHAHYATABEAEUAVABYAGsAawAiACwAIgBpACIAOgAiAGwAXwBjAEEASAA4AEcAWABvAGsARAA2AHUAVABYAG8AMQBKAHkAaQBlAFEAIgAsACIAYgAiADoAMQA3ADUANAA0ADUANgAzADgANgAwADcAOAAsACIAQQA\/ACIAOgAiAEUAIgAsACIAQQAiADoAewAiAEEAIgA6AFsAewAiAEEAIgA6AHsAIgBBAD8AIgA6ACIAQQAiACwAIgBBACIAOgAiAEEAbgB0AG8AbgBpAG8AIABCAGEAcgBvAG4AZQAgAGkAbgBpAHoAaQBhACAAYQBkACAAaQBtAHAAcgBvAHYAdgBpAHMAYQByAGUAIABpAG4AYwBvAG4AcwBhAHAAZQB2AG8AbABtAGUAbgB0AGUAIABkAGEAIABxAHUAYQBuAGQAbwAgAOgAIABuAGEAdABvAC4AIABOAGUAbAAgADIAMAAxADAAIABpAG4AaQB6AGkAYQAgAHMAZQByAGkAYQBtAGUAbgB0AGUAIABjAG8AbgAgAGwAGSBpAG0AcAByAG8AdgB2AGkAcwBhAHoAaQBvAG4AZQAgAHQAZQBhAHQAcgBhAGwAZQAsACAAZQAgAGQAYQBsACAAMgAwADEANQAgAOgAIABkAG8AYwBlAG4AdABlACAAZQAgAGYAbwByAG0AYQB0AG8AcgBlACAAcABlAHIAIABsABkgaQBtAHAAcgBvAHYAdgBpAHMAYQB6AGkAbwBuAGUAIAB0AGUAYQB0AHIAYQBsAGUAIABlACAAbABlACAAcwB1AGUAIABhAHAAcABsAGkAYwBhAHoAaQBvAG4AaQAuACIAfQAsACIAQgAiADoAewAiAEEAIgA6ACIAWQBBAEYAZABKAHQAOABkAEEAWQAwACwAMAAiACwAIgBDACIAOgAiAG0AZQBkAGkAdQBtACIALAAiAEQAIgA6ACIAbgBvAHIAbQBhAGwAIgAsACIARQAiADoAIgAjADAAYQAwAGEAMABhACIALAAiAEYAIgA6ACIAbgBvAG4AZQAiACwAIgBRACIAOgAiAG4AbwBuAGUAIgAsACIASQAiADoAIgAxAC4AMwA4ACIALAAiAEoAIgA6ACIAbAB0AHIAIgAsACIAQQA\/ACIAOgAiAEIAXwAiAH0AfQAsAHsAIgBBACIAOgB7ACIAQQA\/ACIAOgAiAEEAIgAsACIAQQAiADoAIgAuACIAfQAsACIAQwAiADoAewAiAEQAIgA6AHQAcgB1AGUALAAiAEYAIgA6AHQAcgB1AGUALAAiAFEAIgA6AHQAcgB1AGUALAAiAEEAPwAiADoAIgBCAF8AIgB9AH0ALAB7ACIAQQAiADoAewAiAEEAPwAiADoAIgBBACIALAAiAEEAIgA6ACIALgAiAH0ALAAiAEIAIgA6AHsAIgBEACIAOgAiAG4AbwByAG0AYQBsACIALAAiAEYAIgA6ACIAbgBvAG4AZQAiACwAIgBRACIAOgAiAG4AbwBuAGUAIgAsACIAQQA\/ACIAOgAiAEIAXwAiAH0AfQAsAHsAIgBBACIAOgB7ACIAQQA\/ACIAOgAiAEEAIgAsACIAQQAiADoAIgAgACIAfQAsACIAQwAiADoAewAiAEQAIgA6AHQAcgB1AGUALAAiAEYAIgA6AHQAcgB1AGUALAAiAFEAIgA6AHQAcgB1AGUALAAiAEEAPwAiADoAIgBCAF8AIgB9AH0ALAB7ACIAQQAiADoAewAiAEEAPwAiADoAIgBBACIALAAiAEEAIgA6ACIATgBlAGwAIAAyADAAMQA0ACAA6AAgAG0AZQBtAGIAcgBvACAAZgBvAG4AZABhAHQAbwByAGUAIABkAGkAIABBAEIASQBUACwAIABlACAAdAB1AHQAdAAZIG8AcgBhACAAcABhAHIAdABlAGMAaQBwAGEAIABhAGwAbABlACAAYQB0AHQAaQB2AGkAdADgACAAYwBlAHIAYwBhAG4AZABvACAAZABpACAAcAByAG8AbQB1AG8AdgBlAHIAZQAgAGwAZQAgAGEAdAB0AGkAdgBpAHQA4AAgAGUAIABnAGwAaQAgAHMAcABlAHQAdABhAGMAbwBsAGkAIABkAGUAbABsABkgYQBzAHMAbwBjAGkAYQB6AGkAbwBuAGUALgAiAH0ALAAiAEIAIgA6AHsAIgBEACIAOgAiAG4AbwByAG0AYQBsACIALAAiAEYAIgA6ACIAbgBvAG4AZQAiACwAIgBRACIAOgAiAG4AbwBuAGUAIgAsACIASQAiADoAIgAxAC4ANAAiACwAIgBBAD8AIgA6ACIAQgBfACIAfQB9AF0AfQB9AA==\"><\/span><\/p>\n<div>\n<p><span>Antonio Barone inizia ad improvvisare inconsapevolmente da quando \u00e8 nato. Nel 2010 inizia seriamente con l\u2019improvvisazione teatrale, e dal 2015 \u00e8 docente e formatore per l\u2019improvvisazione teatrale e le sue applicazioni.<\/span><span>.<\/span><span>.<\/span><span> <\/span><span>Nel 2014 \u00e8 membro fondatore di ABIT, e tutt\u2019ora partecipa alle attivit\u00e0 cercando di promuovere le attivit\u00e0 e gli spettacoli dell\u2019associazione.<\/span><\/p>\n<\/div>\n<\/div>\n<p>[\/et_pb_text][\/et_pb_column][\/et_pb_row][et_pb_row _builder_version=&#8221;4.27.4&#8243; _module_preset=&#8221;default&#8221; width=&#8221;90%&#8221; width_tablet=&#8221;90%&#8221; width_phone=&#8221;90%&#8221; width_last_edited=&#8221;on|phone&#8221; global_colors_info=&#8221;{}&#8221;][et_pb_column type=&#8221;4_4&#8243; _builder_version=&#8221;4.27.4&#8243; _module_preset=&#8221;default&#8221; global_colors_info=&#8221;{}&#8221;][et_pb_text _builder_version=&#8221;4.27.4&#8243; _module_preset=&#8221;default&#8221; global_colors_info=&#8221;{}&#8221;]<\/p>\n<p><span style=\"font-size: large;\"><strong>COMICITA&#8217; IMPROVVISATIVA<\/strong><\/span><\/p>\n<p>QUANDO: il mercoled\u00ec dalle ore 21 <span>presso le sale Abit@ in via IV Novembre 14, San Zeno (BS)\u00a0<\/span><\/p>\n<p><b><\/b><b>A PRESTO MAGGIORI DETTAGLI<\/b><\/p>\n<p><span>Il corso prevede 32 lezioni da 2 ore, con inizio mercoled\u00ec 1 ottobre 2025 e fine mercoled\u00ec 20 maggio 2026.<\/span><span style=\"color: #000000;\"><\/span><\/p>\n<p><span style=\"color: #a0a0a0;\"><strong>Iscrizioni entro il 1\u00b0 settembre 2025 RISERVATE a chi ha gi\u00e0 frequentato un anno di corso in Abit:<\/strong><\/span><br \/><span style=\"color: #a0a0a0;\">Costo annuale in unica soluzione: 480 \u20ac (iscrizione annuale di 15 \u20ac in omaggio)<\/span><br \/><span style=\"color: #a0a0a0;\">Costo annuale in due rate: 240 + 240 \u20ac (saldo 2\u00b0 rata entro il 31 gennaio)<\/span><\/p>\n<p><strong>Iscrizioni dopo il 1\u00b0 settembre 2025 aperte a interni ed esterni:<\/strong><br \/>Costo annuale in unica soluzione:\u00a0 520 \u20ac (saldo prima dell\u2019inizio del corso)<br \/>Costo annuale in due rate: 260 + 260 \u20ac (acconto prima dell\u2019inizio del corso + saldo entro il 31 gennaio)<\/p>\n<p><span>Costo fisso annuale: 15 \u20ac per tessera associativa Abit (comprensiva di assicurazione).<\/span><\/p>\n<p>[\/et_pb_text][\/et_pb_column][\/et_pb_row][\/et_pb_section][et_pb_section fb_built=&#8221;1&#8243; module_id=&#8221;PAGAMENTO&#8221; _builder_version=&#8221;4.27.4&#8243; _module_preset=&#8221;default&#8221; background_color=&#8221;#FFFFFF&#8221; custom_padding=&#8221;23px||23px||true|&#8221; global_colors_info=&#8221;{}&#8221;][et_pb_row _builder_version=&#8221;4.27.4&#8243; _module_preset=&#8221;default&#8221; background_color=&#8221;rgba(125,160,160,0.44)&#8221; width=&#8221;90%&#8221; width_tablet=&#8221;90%&#8221; width_phone=&#8221;90%&#8221; width_last_edited=&#8221;on|phone&#8221; custom_padding=&#8221;15px||13px|||&#8221; locked=&#8221;off&#8221; global_colors_info=&#8221;{}&#8221;][et_pb_column type=&#8221;4_4&#8243; _builder_version=&#8221;4.26.1&#8243; _module_preset=&#8221;default&#8221; global_colors_info=&#8221;{}&#8221;][et_pb_text _builder_version=&#8221;4.27.0&#8243; _module_preset=&#8221;default&#8221; custom_padding=&#8221;|45px||45px||true&#8221; global_colors_info=&#8221;{}&#8221;]<\/p>\n<p><span style=\"color: #e02b20;\">\u00c8 possibile partecipare ad un secondo corso con un prezzo ridotto:<\/span><br \/><span style=\"color: #e02b20;\">LOCATELLI o DAMATO + COMICITA\u2019 IMPROVVISATIVA = 560 \u20ac+200 \u20ac entro primo settembre oppure 600 + 200 \u20ac dopo il primo settembre.<\/span><br \/><span style=\"color: #e02b20;\">LOCATELLI + DAMATO = 560 \u20ac+280 \u20ac entro primo settembre oppure 600 + 280\u20ac dopo il primo settembre.<\/span><\/p>\n<p>[\/et_pb_text][\/et_pb_column][\/et_pb_row][et_pb_row _builder_version=&#8221;4.27.4&#8243; _module_preset=&#8221;default&#8221; width=&#8221;90%&#8221; width_tablet=&#8221;90%&#8221; width_phone=&#8221;90%&#8221; width_last_edited=&#8221;on|phone&#8221; locked=&#8221;off&#8221; global_colors_info=&#8221;{}&#8221;][et_pb_column type=&#8221;4_4&#8243; _builder_version=&#8221;4.26.1&#8243; _module_preset=&#8221;default&#8221; global_colors_info=&#8221;{}&#8221;][et_pb_text _builder_version=&#8221;4.27.0&#8243; _module_preset=&#8221;default&#8221; global_colors_info=&#8221;{}&#8221;]<\/p>\n<p>Pagamenti tramite bonifico intestato a Abit &#8211; Accademia Bresciana Improvvisazione Teatrale, causale: QUOTA SOCIO + NOME COGNOME<\/p>\n<p>IBAN: IT46M0857511202000000173268<\/p>\n<p>Pagamenti tramite paypal su richiesta.\u00a0<\/p>\n<p>[\/et_pb_text][et_pb_button button_url=&#8221;https:\/\/forms.gle\/r6Mh59QpZVQg6gYcA&#8221; url_new_window=&#8221;on&#8221; button_text=&#8221;ISCRIVITI QUI&#8221; button_alignment=&#8221;left&#8221; button_alignment_tablet=&#8221;left&#8221; button_alignment_phone=&#8221;center&#8221; button_alignment_last_edited=&#8221;on|phone&#8221; _builder_version=&#8221;4.27.4&#8243; _module_preset=&#8221;default&#8221; custom_button=&#8221;on&#8221; button_text_size=&#8221;23px&#8221; button_bg_use_color_gradient=&#8221;on&#8221; button_bg_color_gradient_type=&#8221;circular&#8221; button_bg_color_gradient_direction_radial=&#8221;left&#8221; button_bg_color_gradient_stops=&#8221;#2b87da 42%|#c4c4c4 99%&#8221; button_border_width=&#8221;0px&#8221; button_border_radius=&#8221;38px&#8221; button_letter_spacing=&#8221;0px&#8221; button_icon=&#8221;&#x45;||divi||400&#8243; background_layout=&#8221;dark&#8221; custom_margin=&#8221;8px||8px||true|false&#8221; custom_padding=&#8221;5px||5px||false|false&#8221; global_colors_info=&#8221;{}&#8221;][\/et_pb_button][et_pb_text _builder_version=&#8221;4.27.4&#8243; _dynamic_attributes=&#8221;link_option_url&#8221; _module_preset=&#8221;default&#8221; custom_margin=&#8221;40px|||||&#8221; link_option_url=&#8221;@ET-DC@eyJkeW5hbWljIjp0cnVlLCJjb250ZW50IjoicG9zdF9saW5rX3VybF9wYWdlIiwic2V0dGluZ3MiOnsicG9zdF9pZCI6IjUyOCJ9fQ==@&#8221; text_orientation_tablet=&#8221;&#8221; text_orientation_phone=&#8221;center&#8221; text_orientation_last_edited=&#8221;on|phone&#8221; locked=&#8221;off&#8221; global_colors_info=&#8221;{}&#8221;]<\/p>\n<p>Sei vuoi informazioni pi\u00f9 specifiche non esitare a contattarci.<\/p>\n<p>[\/et_pb_text][\/et_pb_column][\/et_pb_row][\/et_pb_section][et_pb_section fb_built=&#8221;1&#8243; _builder_version=&#8221;4.27.0&#8243; _module_preset=&#8221;default&#8221; background_color=&#8221;#ededed&#8221; custom_padding=&#8221;4px|0px|4px||true|&#8221; locked=&#8221;off&#8221; global_colors_info=&#8221;{}&#8221;][et_pb_row column_structure=&#8221;1_2,1_2&#8243; _builder_version=&#8221;4.27.4&#8243; _module_preset=&#8221;default&#8221; width=&#8221;90%&#8221; width_tablet=&#8221;90%&#8221; width_phone=&#8221;90%&#8221; width_last_edited=&#8221;on|phone&#8221; custom_padding=&#8221;0px||0px||true|&#8221; locked=&#8221;off&#8221; global_colors_info=&#8221;{}&#8221;][et_pb_column type=&#8221;1_2&#8243; _builder_version=&#8221;4.26.0&#8243; _module_preset=&#8221;default&#8221; global_colors_info=&#8221;{}&#8221;][et_pb_text _builder_version=&#8221;4.27.4&#8243; _module_preset=&#8221;default&#8221; text_orientation_tablet=&#8221;&#8221; text_orientation_phone=&#8221;center&#8221; text_orientation_last_edited=&#8221;on|phone&#8221; global_colors_info=&#8221;{}&#8221;]<\/p>\n<p>Non hai trovato quello che cerchi? Potrebbe interessarti i nostri WORKSHOP, lezioni intensive di una giornata o weekend per approfondire specifiche tematiche.<\/p>\n<p>[\/et_pb_text][\/et_pb_column][et_pb_column type=&#8221;1_2&#8243; _builder_version=&#8221;4.27.0&#8243; _module_preset=&#8221;default&#8221; global_colors_info=&#8221;{}&#8221;][et_pb_button button_url=&#8221;@ET-DC@eyJkeW5hbWljIjp0cnVlLCJjb250ZW50IjoicG9zdF9saW5rX3VybF9wYWdlIiwic2V0dGluZ3MiOnsicG9zdF9pZCI6IjgzIn19@&#8221; button_text=&#8221;WORKSHOPS&#8221; button_alignment=&#8221;center&#8221; _builder_version=&#8221;4.27.4&#8243; _dynamic_attributes=&#8221;button_url&#8221; _module_preset=&#8221;default&#8221; custom_button=&#8221;on&#8221; button_text_size=&#8221;18px&#8221; button_bg_use_color_gradient=&#8221;on&#8221; button_bg_color_gradient_type=&#8221;circular&#8221; button_bg_color_gradient_direction_radial=&#8221;left&#8221; button_bg_color_gradient_stops=&#8221;#2b87da 42%|#c4c4c4 99%&#8221; button_border_width=&#8221;0px&#8221; button_border_radius=&#8221;38px&#8221; button_letter_spacing=&#8221;0px&#8221; button_icon=&#8221;&#x45;||divi||400&#8243; background_layout=&#8221;dark&#8221; custom_margin=&#8221;8px||8px||true|false&#8221; custom_padding=&#8221;5px||5px||false|false&#8221; locked=&#8221;off&#8221; global_colors_info=&#8221;{}&#8221;][\/et_pb_button][\/et_pb_column][\/et_pb_row][\/et_pb_section]<\/p>\n","protected":false},"excerpt":{"rendered":"<p>LABORATORIO PERMANENTE 2025-26 LABORATORIO PERMANENTE \u00e8 una proposta per tutti gli improvvisatori con almeno tre anni di esperienza alle spalle. Uno spazio in cui ogni anno si proporranno percorsi differenti per approfondire tematiche specifiche.\u00a0Corso con Lorenzo D\u2019Amato: si lavorer\u00e0 sulla long-form, lavorando su un format con l\u2019obbiettivo di portare uno spettacolo a fine anno. (SOLD-OUT) [&hellip;]<\/p>\n","protected":false},"author":1,"featured_media":0,"parent":0,"menu_order":0,"comment_status":"closed","ping_status":"closed","template":"","meta":{"_bbp_topic_count":0,"_bbp_reply_count":0,"_bbp_total_topic_count":0,"_bbp_total_reply_count":0,"_bbp_voice_count":0,"_bbp_anonymous_reply_count":0,"_bbp_topic_count_hidden":0,"_bbp_reply_count_hidden":0,"_bbp_forum_subforum_count":0,"_et_pb_use_builder":"on","_et_pb_old_content":"","_et_gb_content_width":"","footnotes":""},"class_list":["post-81","page","type-page","status-publish","hentry"],"_links":{"self":[{"href":"https:\/\/www.improaccademia.it\/index.php\/wp-json\/wp\/v2\/pages\/81","targetHints":{"allow":["GET"]}}],"collection":[{"href":"https:\/\/www.improaccademia.it\/index.php\/wp-json\/wp\/v2\/pages"}],"about":[{"href":"https:\/\/www.improaccademia.it\/index.php\/wp-json\/wp\/v2\/types\/page"}],"author":[{"embeddable":true,"href":"https:\/\/www.improaccademia.it\/index.php\/wp-json\/wp\/v2\/users\/1"}],"replies":[{"embeddable":true,"href":"https:\/\/www.improaccademia.it\/index.php\/wp-json\/wp\/v2\/comments?post=81"}],"version-history":[{"count":110,"href":"https:\/\/www.improaccademia.it\/index.php\/wp-json\/wp\/v2\/pages\/81\/revisions"}],"predecessor-version":[{"id":1504,"href":"https:\/\/www.improaccademia.it\/index.php\/wp-json\/wp\/v2\/pages\/81\/revisions\/1504"}],"wp:attachment":[{"href":"https:\/\/www.improaccademia.it\/index.php\/wp-json\/wp\/v2\/media?parent=81"}],"curies":[{"name":"wp","href":"https:\/\/api.w.org\/{rel}","templated":true}]}}